{"id":3114,"date":"2024-07-25T19:15:02","date_gmt":"2024-07-25T19:15:02","guid":{"rendered":"https:\/\/integriscomposites.com\/gse\/"},"modified":"2024-08-07T10:00:57","modified_gmt":"2024-08-07T10:00:57","slug":"gse","status":"publish","type":"page","link":"https:\/\/integriscomposites.com\/fr\/gse\/","title":{"rendered":"GSE"},"content":{"rendered":"<p>[et_pb_section fb_built=\u00a0\u00bb1&Prime; _builder_version=\u00a0\u00bb4.27.0&Prime; _module_preset=\u00a0\u00bbdefault\u00a0\u00bb background_image=\u00a0\u00bbhttps:\/\/integriscomposites.com\/wp-content\/uploads\/2024\/07\/about-us-hero.jpg\u00a0\u00bb custom_padding=\u00a0\u00bb15%||5%||false|false\u00a0\u00bb bottom_divider_height=\u00a0\u00bb40px\u00a0\u00bb locked=\u00a0\u00bboff\u00a0\u00bb global_colors_info=\u00a0\u00bb{}\u00a0\u00bb theme_builder_area=\u00a0\u00bbpost_content\u00a0\u00bb][et_pb_row module_class=\u00a0\u00bbhero-row\u00a0\u00bb _builder_version=\u00a0\u00bb4.25.2&Prime; _module_preset=\u00a0\u00bbdefault\u00a0\u00bb background_color=\u00a0\u00bbrgba(0,40,102,0.85)\u00a0\u00bb width=\u00a0\u00bb100%\u00a0\u00bb max_width=\u00a0\u00bb100%\u00a0\u00bb custom_padding=\u00a0\u00bb25px|25px|25px|25px|true|true\u00a0\u00bb global_colors_info=\u00a0\u00bb{}\u00a0\u00bb theme_builder_area=\u00a0\u00bbpost_content\u00a0\u00bb][et_pb_column type=\u00a0\u00bb4_4&Prime; _builder_version=\u00a0\u00bb4.25.2&Prime; _module_preset=\u00a0\u00bbdefault\u00a0\u00bb global_colors_info=\u00a0\u00bb{}\u00a0\u00bb theme_builder_area=\u00a0\u00bbpost_content\u00a0\u00bb][et_pb_text _builder_version=\u00a0\u00bb4.27.0&Prime; _module_preset=\u00a0\u00bbdefault\u00a0\u00bb text_text_color=\u00a0\u00bb#FFFFFF\u00a0\u00bb header_text_color=\u00a0\u00bb#FFFFFF\u00a0\u00bb hover_enabled=\u00a0\u00bb0&Prime; global_colors_info=\u00a0\u00bb{}\u00a0\u00bb theme_builder_area=\u00a0\u00bbpost_content\u00a0\u00bb sticky_enabled=\u00a0\u00bb0&Prime;]<\/p>\n<h1>Respect de la plan\u00e8te, de nos collaborateurs et de nos clients.<\/h1>\n<p>  Integris est synonyme d&rsquo;int\u00e9grit\u00e9 dans tout ce qu&rsquo;elle fait.[\/et_pb_text][\/et_pb_column][\/et_pb_row][\/et_pb_section][et_pb_section fb_built=\u00a0\u00bb1&Prime; _builder_version=\u00a0\u00bb4.25.2&Prime; _module_preset=\u00a0\u00bbdefault\u00a0\u00bb background_color=\u00a0\u00bb#E0E1DD\u00a0\u00bb locked=\u00a0\u00bboff\u00a0\u00bb global_colors_info=\u00a0\u00bb{}\u00a0\u00bb theme_builder_area=\u00a0\u00bbpost_content\u00a0\u00bb][et_pb_row column_structure=\u00a0\u00bb1_2,1_2&Prime; _builder_version=\u00a0\u00bb4.25.2&Prime; _module_preset=\u00a0\u00bbdefault\u00a0\u00bb custom_padding=\u00a0\u00bb||60px||false|false\u00a0\u00bb custom_css_main_element=\u00a0\u00bbdisplay: flex;||align-items: center;\u00a0\u00bb global_colors_info=\u00a0\u00bb{}\u00a0\u00bb custom_css_main_element_last_edited=\u00a0\u00bbon|tablet\u00a0\u00bb custom_css_main_element_tablet=\u00a0\u00bbdisplay: block;\u00a0\u00bb custom_css_main_element_phone=\u00a0\u00bbdisplay: block;\u00a0\u00bb theme_builder_area=\u00a0\u00bbpost_content\u00a0\u00bb][et_pb_column type=\u00a0\u00bb1_2&Prime; _builder_version=\u00a0\u00bb4.25.2&Prime; _module_preset=\u00a0\u00bbdefault\u00a0\u00bb global_colors_info=\u00a0\u00bb{}\u00a0\u00bb theme_builder_area=\u00a0\u00bbpost_content\u00a0\u00bb][et_pb_text _builder_version=\u00a0\u00bb4.27.0&Prime; _module_preset=\u00a0\u00bbdefault\u00a0\u00bb header_3_text_color=\u00a0\u00bb#000000&Prime; hover_enabled=\u00a0\u00bb0&Prime; global_colors_info=\u00a0\u00bb{}\u00a0\u00bb theme_builder_area=\u00a0\u00bbpost_content\u00a0\u00bb sticky_enabled=\u00a0\u00bb0&Prime;]<\/p>\n<h2>POLITIQUES ENVIRONNEMENTALES, SOCIALES ET DE GOUVERNANCE<\/h2>\n<p>[\/et_pb_text][et_pb_text _builder_version=\u00a0\u00bb4.27.0&Prime; _module_preset=\u00a0\u00bbdefault\u00a0\u00bb header_3_text_color=\u00a0\u00bb#000000&Prime; hover_enabled=\u00a0\u00bb0&Prime; global_colors_info=\u00a0\u00bb{}\u00a0\u00bb theme_builder_area=\u00a0\u00bbpost_content\u00a0\u00bb sticky_enabled=\u00a0\u00bb0&Prime;]<\/p>\n<p><span>Integris Composites met l&rsquo;accent sur la responsabilit\u00e9 sociale des entreprises (ESG).<br \/>\nNous cherchons \u00e0 minimiser l&rsquo;impact sur l&rsquo;environnement en optimisant l&rsquo;utilisation des mati\u00e8res premi\u00e8res, de l&rsquo;eau et de l&rsquo;\u00e9nergie, ainsi que des produits qui peuvent \u00eatre r\u00e9utilis\u00e9s\/recycl\u00e9s.<br \/>\nNous prenons des mesures pour garantir une sant\u00e9 et une s\u00e9curit\u00e9 optimales \u00e0 notre personnel et nous nous effor\u00e7ons en permanence d&rsquo;am\u00e9liorer nos conditions de travail.<br \/>\nNous ne pratiquons jamais de discrimination fond\u00e9e sur le sexe, l&rsquo;\u00e2ge ou l&rsquo;origine.<br \/>\nEt nous disposons de processus structur\u00e9s et syst\u00e9matiques de responsabilisation en mati\u00e8re de prise de d\u00e9cision.<br \/>\nNos objectifs s&rsquo;inscrivent dans le cadre des objectifs de d\u00e9veloppement durable des Nations unies.     <\/span><\/p>\n<p>[\/et_pb_text][\/et_pb_column][et_pb_column type=\u00a0\u00bb1_2&Prime; _builder_version=\u00a0\u00bb4.25.2&Prime; _module_preset=\u00a0\u00bbdefault\u00a0\u00bb global_colors_info=\u00a0\u00bb{}\u00a0\u00bb theme_builder_area=\u00a0\u00bbpost_content\u00a0\u00bb][et_pb_image src=\u00a0\u00bbhttps:\/\/integriscomposites.com\/wp-content\/uploads\/2024\/07\/Logo_of_the_United_Nations.png\u00a0\u00bb _builder_version=\u00a0\u00bb4.27.0&Prime; _module_preset=\u00a0\u00bbdefault\u00a0\u00bb theme_builder_area=\u00a0\u00bbpost_content\u00a0\u00bb title_text=\u00a0\u00bbLogo_of_the_United_Nations\u00a0\u00bb max_width=\u00a0\u00bb250px\u00a0\u00bb hover_enabled=\u00a0\u00bb0&Prime; sticky_enabled=\u00a0\u00bb0&Prime; align=\u00a0\u00bbcenter\u00a0\u00bb][\/et_pb_image][et_pb_button button_text=\u00a0\u00bbVoyez les 17 objectifs des Nations Unies.\u00a0\u00bb _builder_version=\u00a0\u00bb4.27.0&Prime; _module_preset=\u00a0\u00bbdefault\u00a0\u00bb theme_builder_area=\u00a0\u00bbpost_content\u00a0\u00bb button_url=\u00a0\u00bbhttps:\/\/sdgs.un.org\/goals\u00a0\u00bb url_new_window=\u00a0\u00bbon\u00a0\u00bb hover_enabled=\u00a0\u00bb0&Prime; sticky_enabled=\u00a0\u00bb0&Prime; button_alignment=\u00a0\u00bbcenter\u00a0\u00bb][\/et_pb_button][\/et_pb_column][\/et_pb_row][\/et_pb_section][et_pb_section fb_built=\u00a0\u00bb1&Prime; _builder_version=\u00a0\u00bb4.25.2&Prime; _module_preset=\u00a0\u00bbdefault\u00a0\u00bb background_color=\u00a0\u00bb#E0E1DD\u00a0\u00bb locked=\u00a0\u00bboff\u00a0\u00bb global_colors_info=\u00a0\u00bb{}\u00a0\u00bb theme_builder_area=\u00a0\u00bbpost_content\u00a0\u00bb][et_pb_row column_structure=\u00a0\u00bb1_2,1_2&Prime; _builder_version=\u00a0\u00bb4.25.2&Prime; _module_preset=\u00a0\u00bbdefault\u00a0\u00bb custom_padding=\u00a0\u00bb||60px||false|false\u00a0\u00bb custom_css_main_element=\u00a0\u00bbdisplay: flex;||align-items: center;\u00a0\u00bb global_colors_info=\u00a0\u00bb{}\u00a0\u00bb custom_css_main_element_last_edited=\u00a0\u00bbon|tablet\u00a0\u00bb custom_css_main_element_tablet=\u00a0\u00bbdisplay: block;\u00a0\u00bb custom_css_main_element_phone=\u00a0\u00bbdisplay: block;\u00a0\u00bb theme_builder_area=\u00a0\u00bbpost_content\u00a0\u00bb][et_pb_column type=\u00a0\u00bb1_2&Prime; _builder_version=\u00a0\u00bb4.25.2&Prime; _module_preset=\u00a0\u00bbdefault\u00a0\u00bb global_colors_info=\u00a0\u00bb{}\u00a0\u00bb theme_builder_area=\u00a0\u00bbpost_content\u00a0\u00bb][et_pb_text _builder_version=\u00a0\u00bb4.27.0&Prime; _module_preset=\u00a0\u00bb75244c77-7bf4-4c3f-a873-54cc93ac7c1e\u00a0\u00bb hover_enabled=\u00a0\u00bb0&Prime; global_colors_info=\u00a0\u00bb{}\u00a0\u00bb theme_builder_area=\u00a0\u00bbpost_content\u00a0\u00bb sticky_enabled=\u00a0\u00bb0&Prime;]<\/p>\n<h2>Nous accordons de l&rsquo;importance \u00e0 nos employ\u00e9s.<\/h2>\n<p>[\/et_pb_text][et_pb_text _builder_version=\u00a0\u00bb4.27.0&Prime; _module_preset=\u00a0\u00bbdefault\u00a0\u00bb header_3_text_color=\u00a0\u00bb#000000&Prime; hover_enabled=\u00a0\u00bb0&Prime; global_colors_info=\u00a0\u00bb{}\u00a0\u00bb theme_builder_area=\u00a0\u00bbpost_content\u00a0\u00bb sticky_enabled=\u00a0\u00bb0&Prime;]<\/p>\n<p>Le travail que nous effectuons est important.<br \/>\nLes personnes qui l&rsquo;accomplissent sont encore plus importantes.<br \/>\nNous nous effor\u00e7ons d&rsquo;offrir un environnement de travail positif, qu&rsquo;il s&rsquo;agisse de postes de travail ergonomiques ou d&rsquo;une attention constante port\u00e9e \u00e0 la s\u00fbret\u00e9 et \u00e0 la s\u00e9curit\u00e9.  <\/p>\n<p>Notre mission permanente est de soutenir une culture de haute performance, qui inclut la responsabilit\u00e9 sociale d&rsquo;un environnement de travail stimulant, agr\u00e9able et s\u00fbr, avec une grande satisfaction des employ\u00e9s.<\/p>\n<p>[\/et_pb_text][et_pb_image src=\u00a0\u00bbhttps:\/\/integriscomposites.com\/wp-content\/uploads\/2024\/07\/Social-UN.png\u00a0\u00bb _builder_version=\u00a0\u00bb4.27.0&Prime; _module_preset=\u00a0\u00bbdefault\u00a0\u00bb theme_builder_area=\u00a0\u00bbpost_content\u00a0\u00bb title_text=\u00a0\u00bbSocial-UN\u00a0\u00bb max_width=\u00a0\u00bb300px\u00a0\u00bb hover_enabled=\u00a0\u00bb0&Prime; sticky_enabled=\u00a0\u00bb0&Prime;][\/et_pb_image][et_pb_text _builder_version=\u00a0\u00bb4.27.0&Prime; _module_preset=\u00a0\u00bbdefault\u00a0\u00bb header_3_text_color=\u00a0\u00bb#000000&Prime; hover_enabled=\u00a0\u00bb0&Prime; global_colors_info=\u00a0\u00bb{}\u00a0\u00bb theme_builder_area=\u00a0\u00bbpost_content\u00a0\u00bb sticky_enabled=\u00a0\u00bb0&Prime;]<\/p>\n<p><strong>Nous visons \u00e0 :<\/strong><\/p>\n<ul>\n<li>Fournir des postes de travail bien organis\u00e9s et ergonomiques avec des instructions claires en mati\u00e8re de sant\u00e9 et de s\u00e9curit\u00e9 \u00e0 des endroits bien visibles, notamment en ce qui concerne les facteurs tels que le bruit, l&rsquo;\u00e9clairage, la manipulation, la temp\u00e9rature et les conditions m\u00e9t\u00e9orologiques.<\/li>\n<li>Renforcer la sensibilisation, les r\u00e8gles et les mesures en faveur de la propret\u00e9 et de l&rsquo;ordre<\/li>\n<li>Am\u00e9liorer la sensibilisation et la formation aux situations d&rsquo;urgence, aux incendies et \u00e0 la s\u00e9curit\u00e9 et \u00e0 la sant\u00e9<\/li>\n<li>Prendre soin de notre personnel sur le site et \u00e0 l&rsquo;ext\u00e9rieur par des actions et des assurances appropri\u00e9es.<\/li>\n<li>Soutenez les efforts visant \u00e0 cr\u00e9er les meilleures performances dans une atmosph\u00e8re positive.<br \/>\nCet objectif est atteint gr\u00e2ce \u00e0 des enqu\u00eates fr\u00e9quentes, des \u00e9valuations, des formations, du coaching, des comit\u00e9s de sant\u00e9 et de s\u00e9curit\u00e9 et des comit\u00e9s sociaux. <\/li>\n<\/ul>\n<p>[\/et_pb_text][\/et_pb_column][et_pb_column type=\u00a0\u00bb1_2&Prime; _builder_version=\u00a0\u00bb4.25.2&Prime; _module_preset=\u00a0\u00bbdefault\u00a0\u00bb global_colors_info=\u00a0\u00bb{}\u00a0\u00bb theme_builder_area=\u00a0\u00bbpost_content\u00a0\u00bb][et_pb_image src=\u00a0\u00bbhttps:\/\/integriscomposites.com\/wp-content\/uploads\/2024\/07\/1000&#215;1000-S_2023-02-07-202010_ztyg.jpg\u00a0\u00bb title_text=\u00a0\u00bb1000&#215;1000-S_2023-02-07-202010_ztyg\u00a0\u00bb _builder_version=\u00a0\u00bb4.27.0&Prime; _module_preset=\u00a0\u00bbdefault\u00a0\u00bb hover_enabled=\u00a0\u00bb0&Prime; box_shadow_style=\u00a0\u00bbpreset4&Prime; box_shadow_horizontal=\u00a0\u00bb20px\u00a0\u00bb box_shadow_vertical=\u00a0\u00bb20px\u00a0\u00bb box_shadow_color=\u00a0\u00bbrgba(0,40,102,0.15)\u00a0\u00bb global_colors_info=\u00a0\u00bb{}\u00a0\u00bb theme_builder_area=\u00a0\u00bbpost_content\u00a0\u00bb sticky_enabled=\u00a0\u00bb0&Prime; locked=\u00a0\u00bboff\u00a0\u00bb][\/et_pb_image][\/et_pb_column][\/et_pb_row][\/et_pb_section][et_pb_section fb_built=\u00a0\u00bb1&Prime; _builder_version=\u00a0\u00bb4.26.1&Prime; _module_preset=\u00a0\u00bbdefault\u00a0\u00bb background_color=\u00a0\u00bb#E0E1DD\u00a0\u00bb locked=\u00a0\u00bboff\u00a0\u00bb global_colors_info=\u00a0\u00bb{}\u00a0\u00bb theme_builder_area=\u00a0\u00bbpost_content\u00a0\u00bb][et_pb_row column_structure=\u00a0\u00bb1_2,1_2&Prime; _builder_version=\u00a0\u00bb4.27.0&Prime; _module_preset=\u00a0\u00bbdefault\u00a0\u00bb hover_enabled=\u00a0\u00bb0&Prime; custom_css_main_element=\u00a0\u00bbdisplay: flex;||flex-wrap: wrap;\u00a0\u00bb global_colors_info=\u00a0\u00bb{}\u00a0\u00bb custom_css_main_element_last_edited=\u00a0\u00bboff|tablet\u00a0\u00bb theme_builder_area=\u00a0\u00bbpost_content\u00a0\u00bb sticky_enabled=\u00a0\u00bb0&Prime;][et_pb_column type=\u00a0\u00bb1_2&Prime; _builder_version=\u00a0\u00bb4.25.2&Prime; _module_preset=\u00a0\u00bbdefault\u00a0\u00bb global_colors_info=\u00a0\u00bb{}\u00a0\u00bb custom_css_main_element_last_edited=\u00a0\u00bbon|tablet\u00a0\u00bb custom_css_main_element_tablet=\u00a0\u00bborder: 2;||\u00a0\u00bb custom_css_main_element_phone=\u00a0\u00bborder: 2;||\u00a0\u00bb theme_builder_area=\u00a0\u00bbpost_content\u00a0\u00bb][et_pb_image src=\u00a0\u00bbhttps:\/\/integriscomposites.com\/wp-content\/uploads\/2024\/07\/Green-map-E-compressed.jpg\u00a0\u00bb title_text=\u00a0\u00bbCarte verte-E compress\u00e9e\u00a0\u00bb _builder_version=\u00a0\u00bb4.27.0&Prime; _module_preset=\u00a0\u00bbdefault\u00a0\u00bb hover_enabled=\u00a0\u00bb0&Prime; box_shadow_style=\u00a0\u00bbpreset4&Prime; box_shadow_horizontal=\u00a0\u00bb-20px\u00a0\u00bb box_shadow_vertical=\u00a0\u00bb20px\u00a0\u00bb box_shadow_color=\u00a0\u00bbrgba(0,40,102,0.15)\u00a0\u00bb global_colors_info=\u00a0\u00bb{}\u00a0\u00bb theme_builder_area=\u00a0\u00bbpost_content\u00a0\u00bb sticky_enabled=\u00a0\u00bb0&Prime;][\/et_pb_image][\/et_pb_column][et_pb_column type=\u00a0\u00bb1_2&Prime; _builder_version=\u00a0\u00bb4.25.2&Prime; _module_preset=\u00a0\u00bbdefault\u00a0\u00bb global_colors_info=\u00a0\u00bb{}\u00a0\u00bb custom_css_main_element_last_edited=\u00a0\u00bbon|tablet\u00a0\u00bb custom_css_main_element_tablet=\u00a0\u00bborder: 1;||\u00a0\u00bb custom_css_main_element_phone=\u00a0\u00bborder: 1;||\u00a0\u00bb theme_builder_area=\u00a0\u00bbpost_content\u00a0\u00bb][et_pb_text _builder_version=\u00a0\u00bb4.27.0&Prime; _module_preset=\u00a0\u00bb75244c77-7bf4-4c3f-a873-54cc93ac7c1e\u00a0\u00bb custom_padding_tablet=\u00a0\u00bb||30px||false|false\u00a0\u00bb custom_padding_phone=\u00a0\u00bb||30px||false|false\u00a0\u00bb custom_padding_last_edited=\u00a0\u00bbon|phone\u00a0\u00bb hover_enabled=\u00a0\u00bb0&Prime; global_colors_info=\u00a0\u00bb{}\u00a0\u00bb theme_builder_area=\u00a0\u00bbpost_content\u00a0\u00bb sticky_enabled=\u00a0\u00bb0&Prime;]<\/p>\n<h2>Nous nous engageons \u00e0 r\u00e9duire notre impact.<\/h2>\n<p>[\/et_pb_text][et_pb_text _builder_version=\u00a0\u00bb4.27.0&Prime; _module_preset=\u00a0\u00bbdefault\u00a0\u00bb custom_padding_tablet=\u00a0\u00bb||30px||false|false\u00a0\u00bb custom_padding_phone=\u00a0\u00bb||30px||false|false\u00a0\u00bb custom_padding_last_edited=\u00a0\u00bbon|phone\u00a0\u00bb hover_enabled=\u00a0\u00bb0&Prime; global_colors_info=\u00a0\u00bb{}\u00a0\u00bb theme_builder_area=\u00a0\u00bbpost_content\u00a0\u00bb sticky_enabled=\u00a0\u00bb0&Prime;]<\/p>\n<p>Il est dans notre nature de prot\u00e9ger.<br \/>\nCela inclut la protection de la nature.<br \/>\nNous le faisons en r\u00e9duisant les d\u00e9chets et les \u00e9missions de carbone, tout en utilisant des mati\u00e8res premi\u00e8res plus \u00e9cologiques dans les produits que nous fabriquons.  <\/p>\n<p>Sur la base des donn\u00e9es fournies sur les fractions de d\u00e9chets, le volume de d\u00e9chets, la consommation d&rsquo;\u00e9nergie, la r\u00e9duction de la consommation d&rsquo;\u00e9nergie et l&#8217;empreinte<sub>CO2<\/sub><span> <\/span>, Integris s&rsquo;efforcera en permanence de r\u00e9duire son impact sur le climat et l&rsquo;environnement.<\/p>\n<p>D&rsquo;ici 2024, nous r\u00e9duirons nos<sub>\u00e9missions de CO2<\/sub><span> <\/span>de 30 % (par rapport \u00e0 2020) sur tous les sites gr\u00e2ce \u00e0 une r\u00e9duction des d\u00e9chets et de la consommation d&rsquo;\u00e9nergie.<br \/>\nEt nous serons aliment\u00e9s par 80 % de ressources \u00e9nerg\u00e9tiques durables. <\/p>\n<p>[\/et_pb_text][et_pb_image src=\u00a0\u00bbhttps:\/\/integriscomposites.com\/wp-content\/uploads\/2024\/07\/Environmental-UN.png\u00a0\u00bb _builder_version=\u00a0\u00bb4.27.0&Prime; _module_preset=\u00a0\u00bbdefault\u00a0\u00bb theme_builder_area=\u00a0\u00bbpost_content\u00a0\u00bb title_text=\u00a0\u00bbEnvironnement &#8211; ONU\u00a0\u00bb max_width=\u00a0\u00bb300px\u00a0\u00bb hover_enabled=\u00a0\u00bb0&Prime; sticky_enabled=\u00a0\u00bb0&Prime;][\/et_pb_image][et_pb_text _builder_version=\u00a0\u00bb4.27.0&Prime; _module_preset=\u00a0\u00bbdefault\u00a0\u00bb custom_padding_tablet=\u00a0\u00bb||30px||false|false\u00a0\u00bb custom_padding_phone=\u00a0\u00bb||30px||false|false\u00a0\u00bb custom_padding_last_edited=\u00a0\u00bbon|phone\u00a0\u00bb hover_enabled=\u00a0\u00bb0&Prime; global_colors_info=\u00a0\u00bb{}\u00a0\u00bb theme_builder_area=\u00a0\u00bbpost_content\u00a0\u00bb sticky_enabled=\u00a0\u00bb0&Prime;]<\/p>\n<p><strong>Nous chercherons \u00e0 :<\/strong><\/p>\n<ul>\n<li>Viser en permanence \u00e0 r\u00e9duire notre impact sur le climat et l&rsquo;environnement<\/li>\n<li>Chercher en permanence \u00e0 r\u00e9duire la consommation de ressources non durables de l&rsquo;entreprise, notamment en \u00e9conomisant l&rsquo;\u00e9nergie.<\/li>\n<li>Faire preuve d&rsquo;esprit critique dans le choix des sources d&rsquo;\u00e9nergie et des heures suppl\u00e9mentaires pour s\u00e9lectionner des options durables<\/li>\n<li>Assurer une manipulation correcte des mat\u00e9riaux, en disposant d&rsquo;informations et de connaissances ad\u00e9quates et en optimisant les fractions de d\u00e9chets, en limitant notamment les d\u00e9chets dangereux et les d\u00e9p\u00f4ts.<\/li>\n<li>Effort cibl\u00e9 pour am\u00e9liorer la hi\u00e9rarchie des d\u00e9chets 3R :<span> <\/span> R\u00e9duire &#8211;<span> <\/span> R\u00e9utiliser &#8211;<span> <\/span> Recycler<\/li>\n<li>Lancer l&rsquo;achat de mati\u00e8res premi\u00e8res et de sous-traitants plus \u00e9cologiques et mettre en place une gestion de la cha\u00eene d&rsquo;approvisionnement et du cycle de vie.<\/li>\n<\/ul>\n<p>[\/et_pb_text][\/et_pb_column][\/et_pb_row][\/et_pb_section][et_pb_section fb_built=\u00a0\u00bb1&Prime; _builder_version=\u00a0\u00bb4.26.1&Prime; _module_preset=\u00a0\u00bbdefault\u00a0\u00bb background_color=\u00a0\u00bb#E0E1DD\u00a0\u00bb locked=\u00a0\u00bboff\u00a0\u00bb global_colors_info=\u00a0\u00bb{}\u00a0\u00bb theme_builder_area=\u00a0\u00bbpost_content\u00a0\u00bb][et_pb_row column_structure=\u00a0\u00bb1_2,1_2&Prime; _builder_version=\u00a0\u00bb4.27.0&Prime; _module_preset=\u00a0\u00bbdefault\u00a0\u00bb hover_enabled=\u00a0\u00bb0&Prime; custom_css_main_element=\u00a0\u00bbdisplay: flex;||flex-wrap: wrap;\u00a0\u00bb global_colors_info=\u00a0\u00bb{}\u00a0\u00bb custom_css_main_element_last_edited=\u00a0\u00bboff|tablet\u00a0\u00bb theme_builder_area=\u00a0\u00bbpost_content\u00a0\u00bb sticky_enabled=\u00a0\u00bb0&Prime;][et_pb_column type=\u00a0\u00bb1_2&Prime; _builder_version=\u00a0\u00bb4.25.2&Prime; _module_preset=\u00a0\u00bbdefault\u00a0\u00bb global_colors_info=\u00a0\u00bb{}\u00a0\u00bb custom_css_main_element_last_edited=\u00a0\u00bbon|tablet\u00a0\u00bb custom_css_main_element_tablet=\u00a0\u00bborder: 2;||\u00a0\u00bb custom_css_main_element_phone=\u00a0\u00bborder: 2;||\u00a0\u00bb theme_builder_area=\u00a0\u00bbpost_content\u00a0\u00bb][et_pb_image src=\u00a0\u00bbhttps:\/\/integriscomposites.com\/wp-content\/uploads\/2024\/07\/we-protect-lives-G.jpg\u00a0\u00bb title_text=\u00a0\u00bbnous prot\u00e9geons les vies-G\u00a0\u00bb _builder_version=\u00a0\u00bb4.27.0&Prime; _module_preset=\u00a0\u00bbdefault\u00a0\u00bb hover_enabled=\u00a0\u00bb0&Prime; box_shadow_style=\u00a0\u00bbpreset4&Prime; box_shadow_horizontal=\u00a0\u00bb-20px\u00a0\u00bb box_shadow_vertical=\u00a0\u00bb20px\u00a0\u00bb box_shadow_color=\u00a0\u00bbrgba(0,40,102,0.15)\u00a0\u00bb global_colors_info=\u00a0\u00bb{}\u00a0\u00bb theme_builder_area=\u00a0\u00bbpost_content\u00a0\u00bb sticky_enabled=\u00a0\u00bb0&Prime;][\/et_pb_image][\/et_pb_column][et_pb_column type=\u00a0\u00bb1_2&Prime; _builder_version=\u00a0\u00bb4.25.2&Prime; _module_preset=\u00a0\u00bbdefault\u00a0\u00bb global_colors_info=\u00a0\u00bb{}\u00a0\u00bb custom_css_main_element_last_edited=\u00a0\u00bbon|tablet\u00a0\u00bb custom_css_main_element_tablet=\u00a0\u00bborder: 1;||\u00a0\u00bb custom_css_main_element_phone=\u00a0\u00bborder: 1;||\u00a0\u00bb theme_builder_area=\u00a0\u00bbpost_content\u00a0\u00bb][et_pb_text _builder_version=\u00a0\u00bb4.27.0&Prime; _module_preset=\u00a0\u00bb75244c77-7bf4-4c3f-a873-54cc93ac7c1e\u00a0\u00bb custom_padding_tablet=\u00a0\u00bb||30px||false|false\u00a0\u00bb custom_padding_phone=\u00a0\u00bb||30px||false|false\u00a0\u00bb custom_padding_last_edited=\u00a0\u00bbon|phone\u00a0\u00bb hover_enabled=\u00a0\u00bb0&Prime; global_colors_info=\u00a0\u00bb{}\u00a0\u00bb theme_builder_area=\u00a0\u00bbpost_content\u00a0\u00bb sticky_enabled=\u00a0\u00bb0&Prime;]<\/p>\n<h2>Nous prot\u00e9geons des vies avec la plus grande int\u00e9grit\u00e9.<\/h2>\n<p>[\/et_pb_text][et_pb_text _builder_version=\u00a0\u00bb4.27.0&Prime; _module_preset=\u00a0\u00bbdefault\u00a0\u00bb custom_padding_tablet=\u00a0\u00bb||30px||false|false\u00a0\u00bb custom_padding_phone=\u00a0\u00bb||30px||false|false\u00a0\u00bb custom_padding_last_edited=\u00a0\u00bbon|phone\u00a0\u00bb hover_enabled=\u00a0\u00bb0&Prime; global_colors_info=\u00a0\u00bb{}\u00a0\u00bb theme_builder_area=\u00a0\u00bbpost_content\u00a0\u00bb sticky_enabled=\u00a0\u00bb0&Prime;]<\/p>\n<p>Notre mission principale est de prot\u00e9ger la vie de ceux qui comptent sur nos produits.<br \/>\nCet instinct protecteur nous pousse \u00e0 respecter les politiques gouvernementales en mati\u00e8re d&rsquo;\u00e9limination de la corruption, de la discrimination et des conflits d&rsquo;int\u00e9r\u00eats. <\/p>\n<p>Nous disposons d&rsquo;un processus structur\u00e9 pour la prise de d\u00e9cision, la responsabilit\u00e9, le contr\u00f4le et le comportement.<br \/>\nTout comme notre culture et notre comportement social, il s&rsquo;agit d&rsquo;un \u00e9l\u00e9ment essentiel de la r\u00e9ussite de notre organisation. <\/p>\n<p>[\/et_pb_text][et_pb_image src=\u00a0\u00bbhttps:\/\/integriscomposites.com\/wp-content\/uploads\/2024\/07\/Governance-UN.png\u00a0\u00bb _builder_version=\u00a0\u00bb4.27.0&Prime; _module_preset=\u00a0\u00bbdefault\u00a0\u00bb theme_builder_area=\u00a0\u00bbpost_content\u00a0\u00bb title_text=\u00a0\u00bbGouvernance-ONU\u00a0\u00bb max_width=\u00a0\u00bb300px\u00a0\u00bb hover_enabled=\u00a0\u00bb0&Prime; sticky_enabled=\u00a0\u00bb0&Prime;][\/et_pb_image][et_pb_text _builder_version=\u00a0\u00bb4.27.0&Prime; _module_preset=\u00a0\u00bbdefault\u00a0\u00bb custom_padding_tablet=\u00a0\u00bb||30px||false|false\u00a0\u00bb custom_padding_phone=\u00a0\u00bb||30px||false|false\u00a0\u00bb custom_padding_last_edited=\u00a0\u00bbon|phone\u00a0\u00bb hover_enabled=\u00a0\u00bb0&Prime; global_colors_info=\u00a0\u00bb{}\u00a0\u00bb theme_builder_area=\u00a0\u00bbpost_content\u00a0\u00bb sticky_enabled=\u00a0\u00bb0&Prime;]<\/p>\n<p><strong>Notre politique de conformit\u00e9 comprend nos valeurs et nos r\u00e8gles g\u00e9n\u00e9rales de conduite, qui traitent des sujets suivants<\/strong><\/p>\n<ul>\n<li>Exactitude et s\u00e9curit\u00e9 des enregistrements<\/li>\n<li>Conflits d&rsquo;int\u00e9r\u00eats<\/li>\n<li>Enqu\u00eates gouvernementales<\/li>\n<li>Pratiques mondiales, lois anti-corruption<\/li>\n<li>Contr\u00f4les des exportations<\/li>\n<li>Cadeaux, gratifications et dons de courtoisie, fraude et vol<\/li>\n<li>Discrimination, \u00e9galit\u00e9 des chances en mati\u00e8re d&#8217;emploi<\/li>\n<li>Harc\u00e8lement<\/li>\n<li>Utilisation de l&rsquo;ordinateur et des ressources \u00e9lectroniques<\/li>\n<\/ul>\n<p>[\/et_pb_text][\/et_pb_column][\/et_pb_row][\/et_pb_section]<\/p>\n","protected":false},"excerpt":{"rendered":"<p>Respect de la plan\u00e8te, de nos collaborateurs et de nos clients. Integris est synonyme d&rsquo;int\u00e9grit\u00e9 dans tout ce qu&rsquo;elle fait.POLITIQUES ENVIRONNEMENTALES, SOCIALES ET DE GOUVERNANCEIntegris Composites met l&rsquo;accent sur la responsabilit\u00e9 sociale des entreprises (ESG). Nous cherchons \u00e0 minimiser l&rsquo;impact sur l&rsquo;environnement en optimisant l&rsquo;utilisation des mati\u00e8res premi\u00e8res, de l&rsquo;eau et de l&rsquo;\u00e9nergie, ainsi que [&hellip;]<\/p>\n","protected":false},"author":2,"featured_media":2107,"parent":0,"menu_order":0,"comment_status":"closed","ping_status":"closed","template":"","meta":{"_acf_changed":false,"_et_pb_use_builder":"on","_et_pb_old_content":"","_et_gb_content_width":"","_monsterinsights_skip_tracking":false,"_monsterinsights_sitenote_active":false,"_monsterinsights_sitenote_note":"","_monsterinsights_sitenote_category":0,"footnotes":""},"class_list":["post-3114","page","type-page","status-publish","has-post-thumbnail","hentry"],"acf":[],"aioseo_notices":[],"_links":{"self":[{"href":"https:\/\/integriscomposites.com\/fr\/wp-json\/wp\/v2\/pages\/3114","targetHints":{"allow":["GET"]}}],"collection":[{"href":"https:\/\/integriscomposites.com\/fr\/wp-json\/wp\/v2\/pages"}],"about":[{"href":"https:\/\/integriscomposites.com\/fr\/wp-json\/wp\/v2\/types\/page"}],"author":[{"embeddable":true,"href":"https:\/\/integriscomposites.com\/fr\/wp-json\/wp\/v2\/users\/2"}],"replies":[{"embeddable":true,"href":"https:\/\/integriscomposites.com\/fr\/wp-json\/wp\/v2\/comments?post=3114"}],"version-history":[{"count":2,"href":"https:\/\/integriscomposites.com\/fr\/wp-json\/wp\/v2\/pages\/3114\/revisions"}],"predecessor-version":[{"id":3116,"href":"https:\/\/integriscomposites.com\/fr\/wp-json\/wp\/v2\/pages\/3114\/revisions\/3116"}],"wp:featuredmedia":[{"embeddable":true,"href":"https:\/\/integriscomposites.com\/fr\/wp-json\/wp\/v2\/media\/2107"}],"wp:attachment":[{"href":"https:\/\/integriscomposites.com\/fr\/wp-json\/wp\/v2\/media?parent=3114"}],"curies":[{"name":"wp","href":"https:\/\/api.w.org\/{rel}","templated":true}]}}